{"id":280,"date":"2023-04-03T10:17:06","date_gmt":"2023-04-03T13:17:06","guid":{"rendered":"http:\/\/arqdigital.uni5.net\/franarq\/?post_type=portfolio&#038;p=280"},"modified":"2023-04-03T10:35:35","modified_gmt":"2023-04-03T13:35:35","slug":"dormitorio-me","status":"publish","type":"portfolio","link":"https:\/\/franarquitetura.com.br\/index.php\/portfolio\/dormitorio-me\/","title":{"rendered":"Dormit\u00f3rio ME"},"content":{"rendered":"\t\t<div data-elementor-type=\"wp-post\" data-elementor-id=\"280\" class=\"elementor elementor-280\">\n\t\t\t\t\t\t<div class=\"elementor-section elementor-top-section elementor-element elementor-element-de34378 elementor-section-boxed elementor-section-height-default elementor-section-height-default\" data-id=\"de34378\" data-element_type=\"section\" data-e-type=\"section\">\n\t\t\t\t\t\t<div class=\"elementor-container elementor-column-gap-default\">\n\t\t\t\t\t<div class=\"elementor-column elementor-col-100 elementor-top-column elementor-element elementor-element-560aeda\" data-id=\"560aeda\" data-element_type=\"column\" data-e-type=\"column\">\n\t\t\t<div class=\"elementor-widget-wrap elementor-element-populated\">\n\t\t\t\t\t\t<div class=\"elementor-element elementor-element-73bbc7f elementor-widget__width-initial elementor-widget-mobile__width-inherit elementor-widget elementor-widget-heading\" data-id=\"73bbc7f\" data-element_type=\"widget\" data-e-type=\"widget\" data-widget_type=\"heading.default\">\n\t\t\t\t<div class=\"elementor-widget-container\">\n\t\t\t\t\t<h1 class=\"elementor-heading-title elementor-size-default\">Dormit\u00f3rio ME<\/h1>\t\t\t\t<\/div>\n\t\t\t\t<\/div>\n\t\t\t\t<div class=\"elementor-element elementor-element-89ed92b elementor-widget elementor-widget-text-editor\" data-id=\"89ed92b\" data-element_type=\"widget\" data-e-type=\"widget\" data-widget_type=\"text-editor.default\">\n\t\t\t\t<div class=\"elementor-widget-container\">\n\t\t\t\t\t\t\t\t\tProjetamos esse ambiente pensando nos m\u00ednimos detalhes para aproveitar o espa\u00e7o de forma otimizada devido a limita\u00e7\u00e3o de espa\u00e7o. A solicita\u00e7\u00e3o da cliente era um dormit\u00f3rio confort\u00e1vel para descanso e ao mesmo tempo adequado para rotina de estudos. O que proporcionamos atrav\u00e9s de um layout inteligente e intuitivo que facilitasse o dia a dia.\n\n\t\t\t\t\t\t\t\t<\/div>\n\t\t\t\t<\/div>\n\t\t\t\t<div class=\"elementor-element elementor-element-76e3a95 elementor-widget elementor-widget-gallery\" data-id=\"76e3a95\" data-element_type=\"widget\" data-e-type=\"widget\" data-settings=\"{&quot;gallery_layout&quot;:&quot;masonry&quot;,&quot;columns&quot;:3,&quot;lazyload&quot;:&quot;yes&quot;,&quot;columns_tablet&quot;:2,&quot;columns_mobile&quot;:1,&quot;gap&quot;:{&quot;unit&quot;:&quot;px&quot;,&quot;size&quot;:10,&quot;sizes&quot;:[]},&quot;gap_tablet&quot;:{&quot;unit&quot;:&quot;px&quot;,&quot;size&quot;:10,&quot;sizes&quot;:[]},&quot;gap_mobile&quot;:{&quot;unit&quot;:&quot;px&quot;,&quot;size&quot;:10,&quot;sizes&quot;:[]},&quot;link_to&quot;:&quot;file&quot;,&quot;overlay_background&quot;:&quot;yes&quot;,&quot;content_hover_animation&quot;:&quot;fade-in&quot;}\" data-widget_type=\"gallery.default\">\n\t\t\t\t<div class=\"elementor-widget-container\">\n\t\t\t\t\t\t\t<div class=\"elementor-gallery__container\">\n\t\t\t\t\t\t\t<a class=\"e-gallery-item elementor-gallery-item elementor-animated-content\" href=\"https:\/\/franarquitetura.com.br\/wp-content\/uploads\/2023\/04\/01-min.png\" data-elementor-open-lightbox=\"yes\" data-elementor-lightbox-slideshow=\"all-76e3a95\" data-elementor-lightbox-title=\"01-min\" data-e-action-hash=\"#elementor-action%3Aaction%3Dlightbox%26settings%3DeyJpZCI6Mjg3LCJ1cmwiOiJodHRwczpcL1wvZnJhbmFycXVpdGV0dXJhLmNvbS5iclwvd3AtY29udGVudFwvdXBsb2Fkc1wvMjAyM1wvMDRcLzAxLW1pbi5wbmciLCJzbGlkZXNob3ciOiJhbGwtNzZlM2E5NSJ9\">\n\t\t\t\t\t<div class=\"e-gallery-image elementor-gallery-item__image\" data-thumbnail=\"https:\/\/franarquitetura.com.br\/wp-content\/uploads\/2023\/04\/01-min.png\" data-width=\"1000\" data-height=\"1129\" alt=\"\" ><\/div>\n\t\t\t\t\t\t\t\t\t\t\t<div class=\"elementor-gallery-item__overlay\"><\/div>\n\t\t\t\t\t\t\t\t\t\t\t\t\t\t<\/a>\n\t\t\t\t\t\t\t<a class=\"e-gallery-item elementor-gallery-item elementor-animated-content\" href=\"https:\/\/franarquitetura.com.br\/wp-content\/uploads\/2023\/04\/02-min.png\" data-elementor-open-lightbox=\"yes\" data-elementor-lightbox-slideshow=\"all-76e3a95\" data-elementor-lightbox-title=\"02-min\" data-e-action-hash=\"#elementor-action%3Aaction%3Dlightbox%26settings%3DeyJpZCI6Mjg4LCJ1cmwiOiJodHRwczpcL1wvZnJhbmFycXVpdGV0dXJhLmNvbS5iclwvd3AtY29udGVudFwvdXBsb2Fkc1wvMjAyM1wvMDRcLzAyLW1pbi5wbmciLCJzbGlkZXNob3ciOiJhbGwtNzZlM2E5NSJ9\">\n\t\t\t\t\t<div class=\"e-gallery-image elementor-gallery-item__image\" data-thumbnail=\"https:\/\/franarquitetura.com.br\/wp-content\/uploads\/2023\/04\/02-min.png\" data-width=\"1000\" data-height=\"1129\" alt=\"\" ><\/div>\n\t\t\t\t\t\t\t\t\t\t\t<div class=\"elementor-gallery-item__overlay\"><\/div>\n\t\t\t\t\t\t\t\t\t\t\t\t\t\t<\/a>\n\t\t\t\t\t\t\t<a class=\"e-gallery-item elementor-gallery-item elementor-animated-content\" href=\"https:\/\/franarquitetura.com.br\/wp-content\/uploads\/2023\/04\/03-min-1.png\" data-elementor-open-lightbox=\"yes\" data-elementor-lightbox-slideshow=\"all-76e3a95\" data-elementor-lightbox-title=\"03-min-1\" data-e-action-hash=\"#elementor-action%3Aaction%3Dlightbox%26settings%3DeyJpZCI6Mjg5LCJ1cmwiOiJodHRwczpcL1wvZnJhbmFycXVpdGV0dXJhLmNvbS5iclwvd3AtY29udGVudFwvdXBsb2Fkc1wvMjAyM1wvMDRcLzAzLW1pbi0xLnBuZyIsInNsaWRlc2hvdyI6ImFsbC03NmUzYTk1In0%3D\">\n\t\t\t\t\t<div class=\"e-gallery-image elementor-gallery-item__image\" data-thumbnail=\"https:\/\/franarquitetura.com.br\/wp-content\/uploads\/2023\/04\/03-min-1.png\" data-width=\"1000\" data-height=\"1129\" alt=\"\" ><\/div>\n\t\t\t\t\t\t\t\t\t\t\t<div class=\"elementor-gallery-item__overlay\"><\/div>\n\t\t\t\t\t\t\t\t\t\t\t\t\t\t<\/a>\n\t\t\t\t\t\t\t<a class=\"e-gallery-item elementor-gallery-item elementor-animated-content\" href=\"https:\/\/franarquitetura.com.br\/wp-content\/uploads\/2023\/04\/04-min.png\" data-elementor-open-lightbox=\"yes\" data-elementor-lightbox-slideshow=\"all-76e3a95\" data-elementor-lightbox-title=\"04-min\" data-e-action-hash=\"#elementor-action%3Aaction%3Dlightbox%26settings%3DeyJpZCI6MjkwLCJ1cmwiOiJodHRwczpcL1wvZnJhbmFycXVpdGV0dXJhLmNvbS5iclwvd3AtY29udGVudFwvdXBsb2Fkc1wvMjAyM1wvMDRcLzA0LW1pbi5wbmciLCJzbGlkZXNob3ciOiJhbGwtNzZlM2E5NSJ9\">\n\t\t\t\t\t<div class=\"e-gallery-image elementor-gallery-item__image\" data-thumbnail=\"https:\/\/franarquitetura.com.br\/wp-content\/uploads\/2023\/04\/04-min.png\" data-width=\"1000\" data-height=\"1129\" alt=\"\" ><\/div>\n\t\t\t\t\t\t\t\t\t\t\t<div class=\"elementor-gallery-item__overlay\"><\/div>\n\t\t\t\t\t\t\t\t\t\t\t\t\t\t<\/a>\n\t\t\t\t\t\t\t<a class=\"e-gallery-item elementor-gallery-item elementor-animated-content\" href=\"https:\/\/franarquitetura.com.br\/wp-content\/uploads\/2023\/04\/05-min.png\" data-elementor-open-lightbox=\"yes\" data-elementor-lightbox-slideshow=\"all-76e3a95\" data-elementor-lightbox-title=\"05-min\" data-e-action-hash=\"#elementor-action%3Aaction%3Dlightbox%26settings%3DeyJpZCI6MjkxLCJ1cmwiOiJodHRwczpcL1wvZnJhbmFycXVpdGV0dXJhLmNvbS5iclwvd3AtY29udGVudFwvdXBsb2Fkc1wvMjAyM1wvMDRcLzA1LW1pbi5wbmciLCJzbGlkZXNob3ciOiJhbGwtNzZlM2E5NSJ9\">\n\t\t\t\t\t<div class=\"e-gallery-image elementor-gallery-item__image\" data-thumbnail=\"https:\/\/franarquitetura.com.br\/wp-content\/uploads\/2023\/04\/05-min.png\" data-width=\"1000\" data-height=\"1129\" alt=\"\" ><\/div>\n\t\t\t\t\t\t\t\t\t\t\t<div class=\"elementor-gallery-item__overlay\"><\/div>\n\t\t\t\t\t\t\t\t\t\t\t\t\t\t<\/a>\n\t\t\t\t\t\t\t<a class=\"e-gallery-item elementor-gallery-item elementor-animated-content\" href=\"https:\/\/franarquitetura.com.br\/wp-content\/uploads\/2023\/04\/06-min.png\" data-elementor-open-lightbox=\"yes\" data-elementor-lightbox-slideshow=\"all-76e3a95\" data-elementor-lightbox-title=\"06-min\" data-e-action-hash=\"#elementor-action%3Aaction%3Dlightbox%26settings%3DeyJpZCI6MjkzLCJ1cmwiOiJodHRwczpcL1wvZnJhbmFycXVpdGV0dXJhLmNvbS5iclwvd3AtY29udGVudFwvdXBsb2Fkc1wvMjAyM1wvMDRcLzA2LW1pbi5wbmciLCJzbGlkZXNob3ciOiJhbGwtNzZlM2E5NSJ9\">\n\t\t\t\t\t<div class=\"e-gallery-image elementor-gallery-item__image\" data-thumbnail=\"https:\/\/franarquitetura.com.br\/wp-content\/uploads\/2023\/04\/06-min.png\" data-width=\"1000\" data-height=\"1129\" alt=\"\" ><\/div>\n\t\t\t\t\t\t\t\t\t\t\t<div class=\"elementor-gallery-item__overlay\"><\/div>\n\t\t\t\t\t\t\t\t\t\t\t\t\t\t<\/a>\n\t\t\t\t\t\t\t<a class=\"e-gallery-item elementor-gallery-item elementor-animated-content\" href=\"https:\/\/franarquitetura.com.br\/wp-content\/uploads\/2023\/04\/07.png\" data-elementor-open-lightbox=\"yes\" data-elementor-lightbox-slideshow=\"all-76e3a95\" data-elementor-lightbox-title=\"07\" data-e-action-hash=\"#elementor-action%3Aaction%3Dlightbox%26settings%3DeyJpZCI6Mjk0LCJ1cmwiOiJodHRwczpcL1wvZnJhbmFycXVpdGV0dXJhLmNvbS5iclwvd3AtY29udGVudFwvdXBsb2Fkc1wvMjAyM1wvMDRcLzA3LnBuZyIsInNsaWRlc2hvdyI6ImFsbC03NmUzYTk1In0%3D\">\n\t\t\t\t\t<div class=\"e-gallery-image elementor-gallery-item__image\" data-thumbnail=\"https:\/\/franarquitetura.com.br\/wp-content\/uploads\/2023\/04\/07.png\" data-width=\"1000\" data-height=\"1129\" alt=\"\" ><\/div>\n\t\t\t\t\t\t\t\t\t\t\t<div class=\"elementor-gallery-item__overlay\"><\/div>\n\t\t\t\t\t\t\t\t\t\t\t\t\t\t<\/a>\n\t\t\t\t\t\t\t<a class=\"e-gallery-item elementor-gallery-item elementor-animated-content\" href=\"https:\/\/franarquitetura.com.br\/wp-content\/uploads\/2023\/04\/08-min.png\" data-elementor-open-lightbox=\"yes\" data-elementor-lightbox-slideshow=\"all-76e3a95\" data-elementor-lightbox-title=\"08-min\" data-e-action-hash=\"#elementor-action%3Aaction%3Dlightbox%26settings%3DeyJpZCI6Mjk1LCJ1cmwiOiJodHRwczpcL1wvZnJhbmFycXVpdGV0dXJhLmNvbS5iclwvd3AtY29udGVudFwvdXBsb2Fkc1wvMjAyM1wvMDRcLzA4LW1pbi5wbmciLCJzbGlkZXNob3ciOiJhbGwtNzZlM2E5NSJ9\">\n\t\t\t\t\t<div class=\"e-gallery-image elementor-gallery-item__image\" data-thumbnail=\"https:\/\/franarquitetura.com.br\/wp-content\/uploads\/2023\/04\/08-min.png\" data-width=\"1000\" data-height=\"1129\" alt=\"\" ><\/div>\n\t\t\t\t\t\t\t\t\t\t\t<div class=\"elementor-gallery-item__overlay\"><\/div>\n\t\t\t\t\t\t\t\t\t\t\t\t\t\t<\/a>\n\t\t\t\t\t\t\t<a class=\"e-gallery-item elementor-gallery-item elementor-animated-content\" href=\"https:\/\/franarquitetura.com.br\/wp-content\/uploads\/2023\/04\/09-min.png\" data-elementor-open-lightbox=\"yes\" data-elementor-lightbox-slideshow=\"all-76e3a95\" data-elementor-lightbox-title=\"09-min\" data-e-action-hash=\"#elementor-action%3Aaction%3Dlightbox%26settings%3DeyJpZCI6Mjk2LCJ1cmwiOiJodHRwczpcL1wvZnJhbmFycXVpdGV0dXJhLmNvbS5iclwvd3AtY29udGVudFwvdXBsb2Fkc1wvMjAyM1wvMDRcLzA5LW1pbi5wbmciLCJzbGlkZXNob3ciOiJhbGwtNzZlM2E5NSJ9\">\n\t\t\t\t\t<div class=\"e-gallery-image elementor-gallery-item__image\" data-thumbnail=\"https:\/\/franarquitetura.com.br\/wp-content\/uploads\/2023\/04\/09-min.png\" data-width=\"1000\" data-height=\"1129\" alt=\"\" ><\/div>\n\t\t\t\t\t\t\t\t\t\t\t<div class=\"elementor-gallery-item__overlay\"><\/div>\n\t\t\t\t\t\t\t\t\t\t\t\t\t\t<\/a>\n\t\t\t\t\t\t\t<a class=\"e-gallery-item elementor-gallery-item elementor-animated-content\" href=\"https:\/\/franarquitetura.com.br\/wp-content\/uploads\/2023\/04\/10-min-1-1.png\" data-elementor-open-lightbox=\"yes\" data-elementor-lightbox-slideshow=\"all-76e3a95\" data-elementor-lightbox-title=\"10-min-1\" data-e-action-hash=\"#elementor-action%3Aaction%3Dlightbox%26settings%3DeyJpZCI6Mjk3LCJ1cmwiOiJodHRwczpcL1wvZnJhbmFycXVpdGV0dXJhLmNvbS5iclwvd3AtY29udGVudFwvdXBsb2Fkc1wvMjAyM1wvMDRcLzEwLW1pbi0xLTEucG5nIiwic2xpZGVzaG93IjoiYWxsLTc2ZTNhOTUifQ%3D%3D\">\n\t\t\t\t\t<div class=\"e-gallery-image elementor-gallery-item__image\" data-thumbnail=\"https:\/\/franarquitetura.com.br\/wp-content\/uploads\/2023\/04\/10-min-1-1.png\" data-width=\"1000\" data-height=\"1129\" alt=\"\" ><\/div>\n\t\t\t\t\t\t\t\t\t\t\t<div class=\"elementor-gallery-item__overlay\"><\/div>\n\t\t\t\t\t\t\t\t\t\t\t\t\t\t<\/a>\n\t\t\t\t\t<\/div>\n\t\t\t\t\t<\/div>\n\t\t\t\t<\/div>\n\t\t\t\t<div class=\"elementor-element elementor-element-d014c7e elementor-widget elementor-widget-spacer\" data-id=\"d014c7e\" data-element_type=\"widget\" data-e-type=\"widget\" data-widget_type=\"spacer.default\">\n\t\t\t\t<div class=\"elementor-widget-container\">\n\t\t\t\t\t\t\t<div class=\"elementor-spacer\">\n\t\t\t<div class=\"elementor-spacer-inner\"><\/div>\n\t\t<\/div>\n\t\t\t\t\t\t<\/div>\n\t\t\t\t<\/div>\n\t\t\t\t\t<\/div>\n\t\t<\/div>\n\t\t\t\t\t<\/div>\n\t\t<\/div>\n\t\t\t\t<\/div>\n\t\t","protected":false},"excerpt":{"rendered":"<p>Dormit\u00f3rio ME Projetamos esse ambiente pensando nos m\u00ednimos detalhes para aproveitar o espa\u00e7o de forma otimizada devido a limita\u00e7\u00e3o de espa\u00e7o. A [&hellip;]<\/p>\n","protected":false},"author":1,"featured_media":281,"menu_order":0,"comment_status":"open","ping_status":"closed","template":"","meta":{"footnotes":""},"portfolio_category":[4],"class_list":["post-280","portfolio","type-portfolio","status-publish","has-post-thumbnail","hentry","portfolio_category-interiores"],"_links":{"self":[{"href":"https:\/\/franarquitetura.com.br\/index.php\/wp-json\/wp\/v2\/portfolio\/280","targetHints":{"allow":["GET"]}}],"collection":[{"href":"https:\/\/franarquitetura.com.br\/index.php\/wp-json\/wp\/v2\/portfolio"}],"about":[{"href":"https:\/\/franarquitetura.com.br\/index.php\/wp-json\/wp\/v2\/types\/portfolio"}],"author":[{"embeddable":true,"href":"https:\/\/franarquitetura.com.br\/index.php\/wp-json\/wp\/v2\/users\/1"}],"replies":[{"embeddable":true,"href":"https:\/\/franarquitetura.com.br\/index.php\/wp-json\/wp\/v2\/comments?post=280"}],"version-history":[{"count":10,"href":"https:\/\/franarquitetura.com.br\/index.php\/wp-json\/wp\/v2\/portfolio\/280\/revisions"}],"predecessor-version":[{"id":303,"href":"https:\/\/franarquitetura.com.br\/index.php\/wp-json\/wp\/v2\/portfolio\/280\/revisions\/303"}],"wp:featuredmedia":[{"embeddable":true,"href":"https:\/\/franarquitetura.com.br\/index.php\/wp-json\/wp\/v2\/media\/281"}],"wp:attachment":[{"href":"https:\/\/franarquitetura.com.br\/index.php\/wp-json\/wp\/v2\/media?parent=280"}],"wp:term":[{"taxonomy":"portfolio_category","embeddable":true,"href":"https:\/\/franarquitetura.com.br\/index.php\/wp-json\/wp\/v2\/portfolio_category?post=280"}],"curies":[{"name":"wp","href":"https:\/\/api.w.org\/{rel}","templated":true}]}}