{"id":515,"date":"2023-04-18T16:03:38","date_gmt":"2023-04-18T19:03:38","guid":{"rendered":"http:\/\/arqdigital.uni5.net\/franarq\/?post_type=portfolio&#038;p=515"},"modified":"2023-04-18T16:09:20","modified_gmt":"2023-04-18T19:09:20","slug":"residencial-rv","status":"publish","type":"portfolio","link":"https:\/\/franarquitetura.com.br\/index.php\/portfolio\/residencial-rv\/","title":{"rendered":"Residencial RV"},"content":{"rendered":"\t\t<div data-elementor-type=\"wp-post\" data-elementor-id=\"515\" class=\"elementor elementor-515\">\n\t\t\t\t\t\t<div class=\"elementor-section elementor-top-section elementor-element elementor-element-de34378 elementor-section-boxed elementor-section-height-default elementor-section-height-default\" data-id=\"de34378\" data-element_type=\"section\" data-e-type=\"section\">\n\t\t\t\t\t\t<div class=\"elementor-container elementor-column-gap-default\">\n\t\t\t\t\t<div class=\"elementor-column elementor-col-100 elementor-top-column elementor-element elementor-element-560aeda\" data-id=\"560aeda\" data-element_type=\"column\" data-e-type=\"column\">\n\t\t\t<div class=\"elementor-widget-wrap elementor-element-populated\">\n\t\t\t\t\t\t<div class=\"elementor-element elementor-element-73bbc7f elementor-widget__width-initial elementor-widget-mobile__width-inherit elementor-widget elementor-widget-heading\" data-id=\"73bbc7f\" data-element_type=\"widget\" data-e-type=\"widget\" data-widget_type=\"heading.default\">\n\t\t\t\t<div class=\"elementor-widget-container\">\n\t\t\t\t\t<h1 class=\"elementor-heading-title elementor-size-default\">Residencial RV<\/h1>\t\t\t\t<\/div>\n\t\t\t\t<\/div>\n\t\t\t\t<div class=\"elementor-element elementor-element-89ed92b elementor-widget elementor-widget-text-editor\" data-id=\"89ed92b\" data-element_type=\"widget\" data-e-type=\"widget\" data-widget_type=\"text-editor.default\">\n\t\t\t\t<div class=\"elementor-widget-container\">\n\t\t\t\t\t\t\t\t\tEssa planta baixa foi desenvolvida em forma de \u201cL\u201d para preservar as \u00e1rvores existentes no terreno que \u00e9 muito bem arborizado, e bem distribu\u00edda em dois n\u00edveis \u2013 t\u00e9rreo e subsolo \u2013 devido ao aclive acentuado. A casa ainda contempla grandes aberturas de vidro que podem ser totalmente recolhidos, tornando a resid\u00eancia em uma extensa varanda integrada a natureza. \n\n\t\t\t\t\t\t\t\t<\/div>\n\t\t\t\t<\/div>\n\t\t\t\t<div class=\"elementor-element elementor-element-76e3a95 elementor-widget elementor-widget-gallery\" data-id=\"76e3a95\" data-element_type=\"widget\" data-e-type=\"widget\" data-settings=\"{&quot;gallery_layout&quot;:&quot;masonry&quot;,&quot;columns&quot;:3,&quot;lazyload&quot;:&quot;yes&quot;,&quot;columns_tablet&quot;:2,&quot;columns_mobile&quot;:1,&quot;gap&quot;:{&quot;unit&quot;:&quot;px&quot;,&quot;size&quot;:10,&quot;sizes&quot;:[]},&quot;gap_tablet&quot;:{&quot;unit&quot;:&quot;px&quot;,&quot;size&quot;:10,&quot;sizes&quot;:[]},&quot;gap_mobile&quot;:{&quot;unit&quot;:&quot;px&quot;,&quot;size&quot;:10,&quot;sizes&quot;:[]},&quot;link_to&quot;:&quot;file&quot;,&quot;overlay_background&quot;:&quot;yes&quot;,&quot;content_hover_animation&quot;:&quot;fade-in&quot;}\" data-widget_type=\"gallery.default\">\n\t\t\t\t<div class=\"elementor-widget-container\">\n\t\t\t\t\t\t\t<div class=\"elementor-gallery__container\">\n\t\t\t\t\t\t\t<a class=\"e-gallery-item elementor-gallery-item elementor-animated-content\" href=\"https:\/\/franarquitetura.com.br\/wp-content\/uploads\/2023\/04\/Nova-01-scaled.jpg\" data-elementor-open-lightbox=\"yes\" data-elementor-lightbox-slideshow=\"all-76e3a95\" data-elementor-lightbox-title=\"Nova-01\" data-e-action-hash=\"#elementor-action%3Aaction%3Dlightbox%26settings%3DeyJpZCI6NTI1LCJ1cmwiOiJodHRwczpcL1wvZnJhbmFycXVpdGV0dXJhLmNvbS5iclwvd3AtY29udGVudFwvdXBsb2Fkc1wvMjAyM1wvMDRcL05vdmEtMDEtc2NhbGVkLmpwZyIsInNsaWRlc2hvdyI6ImFsbC03NmUzYTk1In0%3D\">\n\t\t\t\t\t<div class=\"e-gallery-image elementor-gallery-item__image\" data-thumbnail=\"https:\/\/franarquitetura.com.br\/wp-content\/uploads\/2023\/04\/Nova-01-scaled.jpg\" data-width=\"2560\" data-height=\"1216\" alt=\"\" ><\/div>\n\t\t\t\t\t\t\t\t\t\t\t<div class=\"elementor-gallery-item__overlay\"><\/div>\n\t\t\t\t\t\t\t\t\t\t\t\t\t\t<\/a>\n\t\t\t\t\t\t\t<a class=\"e-gallery-item elementor-gallery-item elementor-animated-content\" href=\"https:\/\/franarquitetura.com.br\/wp-content\/uploads\/2023\/04\/Nova-02-scaled.jpg\" data-elementor-open-lightbox=\"yes\" data-elementor-lightbox-slideshow=\"all-76e3a95\" data-elementor-lightbox-title=\"Nova-02\" data-e-action-hash=\"#elementor-action%3Aaction%3Dlightbox%26settings%3DeyJpZCI6NTI2LCJ1cmwiOiJodHRwczpcL1wvZnJhbmFycXVpdGV0dXJhLmNvbS5iclwvd3AtY29udGVudFwvdXBsb2Fkc1wvMjAyM1wvMDRcL05vdmEtMDItc2NhbGVkLmpwZyIsInNsaWRlc2hvdyI6ImFsbC03NmUzYTk1In0%3D\">\n\t\t\t\t\t<div class=\"e-gallery-image elementor-gallery-item__image\" data-thumbnail=\"https:\/\/franarquitetura.com.br\/wp-content\/uploads\/2023\/04\/Nova-02-scaled.jpg\" data-width=\"2560\" data-height=\"1389\" alt=\"\" ><\/div>\n\t\t\t\t\t\t\t\t\t\t\t<div class=\"elementor-gallery-item__overlay\"><\/div>\n\t\t\t\t\t\t\t\t\t\t\t\t\t\t<\/a>\n\t\t\t\t\t\t\t<a class=\"e-gallery-item elementor-gallery-item elementor-animated-content\" href=\"https:\/\/franarquitetura.com.br\/wp-content\/uploads\/2023\/04\/Nova-03-scaled.jpg\" data-elementor-open-lightbox=\"yes\" data-elementor-lightbox-slideshow=\"all-76e3a95\" data-elementor-lightbox-title=\"Nova-03\" data-e-action-hash=\"#elementor-action%3Aaction%3Dlightbox%26settings%3DeyJpZCI6NTI3LCJ1cmwiOiJodHRwczpcL1wvZnJhbmFycXVpdGV0dXJhLmNvbS5iclwvd3AtY29udGVudFwvdXBsb2Fkc1wvMjAyM1wvMDRcL05vdmEtMDMtc2NhbGVkLmpwZyIsInNsaWRlc2hvdyI6ImFsbC03NmUzYTk1In0%3D\">\n\t\t\t\t\t<div class=\"e-gallery-image elementor-gallery-item__image\" data-thumbnail=\"https:\/\/franarquitetura.com.br\/wp-content\/uploads\/2023\/04\/Nova-03-scaled.jpg\" data-width=\"2560\" data-height=\"1447\" alt=\"\" ><\/div>\n\t\t\t\t\t\t\t\t\t\t\t<div class=\"elementor-gallery-item__overlay\"><\/div>\n\t\t\t\t\t\t\t\t\t\t\t\t\t\t<\/a>\n\t\t\t\t\t\t\t<a class=\"e-gallery-item elementor-gallery-item elementor-animated-content\" href=\"https:\/\/franarquitetura.com.br\/wp-content\/uploads\/2023\/04\/Nova-04-scaled.jpg\" data-elementor-open-lightbox=\"yes\" data-elementor-lightbox-slideshow=\"all-76e3a95\" data-elementor-lightbox-title=\"Nova-04\" data-e-action-hash=\"#elementor-action%3Aaction%3Dlightbox%26settings%3DeyJpZCI6NTI4LCJ1cmwiOiJodHRwczpcL1wvZnJhbmFycXVpdGV0dXJhLmNvbS5iclwvd3AtY29udGVudFwvdXBsb2Fkc1wvMjAyM1wvMDRcL05vdmEtMDQtc2NhbGVkLmpwZyIsInNsaWRlc2hvdyI6ImFsbC03NmUzYTk1In0%3D\">\n\t\t\t\t\t<div class=\"e-gallery-image elementor-gallery-item__image\" data-thumbnail=\"https:\/\/franarquitetura.com.br\/wp-content\/uploads\/2023\/04\/Nova-04-scaled.jpg\" data-width=\"2560\" data-height=\"1272\" alt=\"\" ><\/div>\n\t\t\t\t\t\t\t\t\t\t\t<div class=\"elementor-gallery-item__overlay\"><\/div>\n\t\t\t\t\t\t\t\t\t\t\t\t\t\t<\/a>\n\t\t\t\t\t\t\t<a class=\"e-gallery-item elementor-gallery-item elementor-animated-content\" href=\"https:\/\/franarquitetura.com.br\/wp-content\/uploads\/2023\/04\/Nova-05-1-scaled.jpg\" data-elementor-open-lightbox=\"yes\" data-elementor-lightbox-slideshow=\"all-76e3a95\" data-elementor-lightbox-title=\"Nova-05-1\" data-e-action-hash=\"#elementor-action%3Aaction%3Dlightbox%26settings%3DeyJpZCI6NTMwLCJ1cmwiOiJodHRwczpcL1wvZnJhbmFycXVpdGV0dXJhLmNvbS5iclwvd3AtY29udGVudFwvdXBsb2Fkc1wvMjAyM1wvMDRcL05vdmEtMDUtMS1zY2FsZWQuanBnIiwic2xpZGVzaG93IjoiYWxsLTc2ZTNhOTUifQ%3D%3D\">\n\t\t\t\t\t<div class=\"e-gallery-image elementor-gallery-item__image\" data-thumbnail=\"https:\/\/franarquitetura.com.br\/wp-content\/uploads\/2023\/04\/Nova-05-1-scaled.jpg\" data-width=\"2560\" data-height=\"1348\" alt=\"\" ><\/div>\n\t\t\t\t\t\t\t\t\t\t\t<div class=\"elementor-gallery-item__overlay\"><\/div>\n\t\t\t\t\t\t\t\t\t\t\t\t\t\t<\/a>\n\t\t\t\t\t\t\t<a class=\"e-gallery-item elementor-gallery-item elementor-animated-content\" href=\"https:\/\/franarquitetura.com.br\/wp-content\/uploads\/2023\/04\/Nova-06-scaled.jpg\" data-elementor-open-lightbox=\"yes\" data-elementor-lightbox-slideshow=\"all-76e3a95\" data-elementor-lightbox-title=\"Nova-06\" data-e-action-hash=\"#elementor-action%3Aaction%3Dlightbox%26settings%3DeyJpZCI6NTMxLCJ1cmwiOiJodHRwczpcL1wvZnJhbmFycXVpdGV0dXJhLmNvbS5iclwvd3AtY29udGVudFwvdXBsb2Fkc1wvMjAyM1wvMDRcL05vdmEtMDYtc2NhbGVkLmpwZyIsInNsaWRlc2hvdyI6ImFsbC03NmUzYTk1In0%3D\">\n\t\t\t\t\t<div class=\"e-gallery-image elementor-gallery-item__image\" data-thumbnail=\"https:\/\/franarquitetura.com.br\/wp-content\/uploads\/2023\/04\/Nova-06-scaled.jpg\" data-width=\"2560\" data-height=\"1372\" alt=\"\" ><\/div>\n\t\t\t\t\t\t\t\t\t\t\t<div class=\"elementor-gallery-item__overlay\"><\/div>\n\t\t\t\t\t\t\t\t\t\t\t\t\t\t<\/a>\n\t\t\t\t\t\t\t<a class=\"e-gallery-item elementor-gallery-item elementor-animated-content\" href=\"https:\/\/franarquitetura.com.br\/wp-content\/uploads\/2023\/04\/Nova-08-scaled.jpg\" data-elementor-open-lightbox=\"yes\" data-elementor-lightbox-slideshow=\"all-76e3a95\" data-elementor-lightbox-title=\"Nova-08\" data-e-action-hash=\"#elementor-action%3Aaction%3Dlightbox%26settings%3DeyJpZCI6NTMyLCJ1cmwiOiJodHRwczpcL1wvZnJhbmFycXVpdGV0dXJhLmNvbS5iclwvd3AtY29udGVudFwvdXBsb2Fkc1wvMjAyM1wvMDRcL05vdmEtMDgtc2NhbGVkLmpwZyIsInNsaWRlc2hvdyI6ImFsbC03NmUzYTk1In0%3D\">\n\t\t\t\t\t<div class=\"e-gallery-image elementor-gallery-item__image\" data-thumbnail=\"https:\/\/franarquitetura.com.br\/wp-content\/uploads\/2023\/04\/Nova-08-scaled.jpg\" data-width=\"2560\" data-height=\"1759\" alt=\"\" ><\/div>\n\t\t\t\t\t\t\t\t\t\t\t<div class=\"elementor-gallery-item__overlay\"><\/div>\n\t\t\t\t\t\t\t\t\t\t\t\t\t\t<\/a>\n\t\t\t\t\t\t\t<a class=\"e-gallery-item elementor-gallery-item elementor-animated-content\" href=\"https:\/\/franarquitetura.com.br\/wp-content\/uploads\/2023\/04\/Nova-09-1-scaled.jpg\" data-elementor-open-lightbox=\"yes\" data-elementor-lightbox-slideshow=\"all-76e3a95\" data-elementor-lightbox-title=\"Nova-09\" data-e-action-hash=\"#elementor-action%3Aaction%3Dlightbox%26settings%3DeyJpZCI6NTMzLCJ1cmwiOiJodHRwczpcL1wvZnJhbmFycXVpdGV0dXJhLmNvbS5iclwvd3AtY29udGVudFwvdXBsb2Fkc1wvMjAyM1wvMDRcL05vdmEtMDktMS1zY2FsZWQuanBnIiwic2xpZGVzaG93IjoiYWxsLTc2ZTNhOTUifQ%3D%3D\">\n\t\t\t\t\t<div class=\"e-gallery-image elementor-gallery-item__image\" data-thumbnail=\"https:\/\/franarquitetura.com.br\/wp-content\/uploads\/2023\/04\/Nova-09-1-scaled.jpg\" data-width=\"2560\" data-height=\"1357\" alt=\"\" ><\/div>\n\t\t\t\t\t\t\t\t\t\t\t<div class=\"elementor-gallery-item__overlay\"><\/div>\n\t\t\t\t\t\t\t\t\t\t\t\t\t\t<\/a>\n\t\t\t\t\t\t\t<a class=\"e-gallery-item elementor-gallery-item elementor-animated-content\" href=\"https:\/\/franarquitetura.com.br\/wp-content\/uploads\/2023\/04\/Nova-12-scaled.jpg\" data-elementor-open-lightbox=\"yes\" data-elementor-lightbox-slideshow=\"all-76e3a95\" data-elementor-lightbox-title=\"Nova-12\" data-e-action-hash=\"#elementor-action%3Aaction%3Dlightbox%26settings%3DeyJpZCI6NTM0LCJ1cmwiOiJodHRwczpcL1wvZnJhbmFycXVpdGV0dXJhLmNvbS5iclwvd3AtY29udGVudFwvdXBsb2Fkc1wvMjAyM1wvMDRcL05vdmEtMTItc2NhbGVkLmpwZyIsInNsaWRlc2hvdyI6ImFsbC03NmUzYTk1In0%3D\">\n\t\t\t\t\t<div class=\"e-gallery-image elementor-gallery-item__image\" data-thumbnail=\"https:\/\/franarquitetura.com.br\/wp-content\/uploads\/2023\/04\/Nova-12-scaled.jpg\" data-width=\"2560\" data-height=\"1391\" alt=\"\" ><\/div>\n\t\t\t\t\t\t\t\t\t\t\t<div class=\"elementor-gallery-item__overlay\"><\/div>\n\t\t\t\t\t\t\t\t\t\t\t\t\t\t<\/a>\n\t\t\t\t\t\t\t<a class=\"e-gallery-item elementor-gallery-item elementor-animated-content\" href=\"https:\/\/franarquitetura.com.br\/wp-content\/uploads\/2023\/04\/Nova-13-scaled.jpg\" data-elementor-open-lightbox=\"yes\" data-elementor-lightbox-slideshow=\"all-76e3a95\" data-elementor-lightbox-title=\"Nova-13\" data-e-action-hash=\"#elementor-action%3Aaction%3Dlightbox%26settings%3DeyJpZCI6NTM1LCJ1cmwiOiJodHRwczpcL1wvZnJhbmFycXVpdGV0dXJhLmNvbS5iclwvd3AtY29udGVudFwvdXBsb2Fkc1wvMjAyM1wvMDRcL05vdmEtMTMtc2NhbGVkLmpwZyIsInNsaWRlc2hvdyI6ImFsbC03NmUzYTk1In0%3D\">\n\t\t\t\t\t<div class=\"e-gallery-image elementor-gallery-item__image\" data-thumbnail=\"https:\/\/franarquitetura.com.br\/wp-content\/uploads\/2023\/04\/Nova-13-scaled.jpg\" data-width=\"2560\" data-height=\"1389\" alt=\"\" ><\/div>\n\t\t\t\t\t\t\t\t\t\t\t<div class=\"elementor-gallery-item__overlay\"><\/div>\n\t\t\t\t\t\t\t\t\t\t\t\t\t\t<\/a>\n\t\t\t\t\t\t\t<a class=\"e-gallery-item elementor-gallery-item elementor-animated-content\" href=\"https:\/\/franarquitetura.com.br\/wp-content\/uploads\/2023\/04\/Nova-14-scaled.jpg\" data-elementor-open-lightbox=\"yes\" data-elementor-lightbox-slideshow=\"all-76e3a95\" data-elementor-lightbox-title=\"Nova-14\" data-e-action-hash=\"#elementor-action%3Aaction%3Dlightbox%26settings%3DeyJpZCI6NTM2LCJ1cmwiOiJodHRwczpcL1wvZnJhbmFycXVpdGV0dXJhLmNvbS5iclwvd3AtY29udGVudFwvdXBsb2Fkc1wvMjAyM1wvMDRcL05vdmEtMTQtc2NhbGVkLmpwZyIsInNsaWRlc2hvdyI6ImFsbC03NmUzYTk1In0%3D\">\n\t\t\t\t\t<div class=\"e-gallery-image elementor-gallery-item__image\" data-thumbnail=\"https:\/\/franarquitetura.com.br\/wp-content\/uploads\/2023\/04\/Nova-14-scaled.jpg\" data-width=\"2560\" data-height=\"1685\" alt=\"\" ><\/div>\n\t\t\t\t\t\t\t\t\t\t\t<div class=\"elementor-gallery-item__overlay\"><\/div>\n\t\t\t\t\t\t\t\t\t\t\t\t\t\t<\/a>\n\t\t\t\t\t\t\t<a class=\"e-gallery-item elementor-gallery-item elementor-animated-content\" href=\"https:\/\/franarquitetura.com.br\/wp-content\/uploads\/2023\/04\/Nova-15-scaled.jpg\" data-elementor-open-lightbox=\"yes\" data-elementor-lightbox-slideshow=\"all-76e3a95\" data-elementor-lightbox-title=\"Nova-15\" data-e-action-hash=\"#elementor-action%3Aaction%3Dlightbox%26settings%3DeyJpZCI6NTM3LCJ1cmwiOiJodHRwczpcL1wvZnJhbmFycXVpdGV0dXJhLmNvbS5iclwvd3AtY29udGVudFwvdXBsb2Fkc1wvMjAyM1wvMDRcL05vdmEtMTUtc2NhbGVkLmpwZyIsInNsaWRlc2hvdyI6ImFsbC03NmUzYTk1In0%3D\">\n\t\t\t\t\t<div class=\"e-gallery-image elementor-gallery-item__image\" data-thumbnail=\"https:\/\/franarquitetura.com.br\/wp-content\/uploads\/2023\/04\/Nova-15-scaled.jpg\" data-width=\"2560\" data-height=\"1209\" alt=\"\" ><\/div>\n\t\t\t\t\t\t\t\t\t\t\t<div class=\"elementor-gallery-item__overlay\"><\/div>\n\t\t\t\t\t\t\t\t\t\t\t\t\t\t<\/a>\n\t\t\t\t\t<\/div>\n\t\t\t\t\t<\/div>\n\t\t\t\t<\/div>\n\t\t\t\t<div class=\"elementor-element elementor-element-d014c7e elementor-widget elementor-widget-spacer\" data-id=\"d014c7e\" data-element_type=\"widget\" data-e-type=\"widget\" data-widget_type=\"spacer.default\">\n\t\t\t\t<div class=\"elementor-widget-container\">\n\t\t\t\t\t\t\t<div class=\"elementor-spacer\">\n\t\t\t<div class=\"elementor-spacer-inner\"><\/div>\n\t\t<\/div>\n\t\t\t\t\t\t<\/div>\n\t\t\t\t<\/div>\n\t\t\t\t\t<\/div>\n\t\t<\/div>\n\t\t\t\t\t<\/div>\n\t\t<\/div>\n\t\t\t\t<\/div>\n\t\t","protected":false},"excerpt":{"rendered":"<p>Residencial RV Essa planta baixa foi desenvolvida em forma de \u201cL\u201d para preservar as \u00e1rvores existentes no terreno que \u00e9 muito bem [&hellip;]<\/p>\n","protected":false},"author":1,"featured_media":523,"menu_order":0,"comment_status":"open","ping_status":"closed","template":"","meta":{"footnotes":""},"portfolio_category":[5],"class_list":["post-515","portfolio","type-portfolio","status-publish","has-post-thumbnail","hentry","portfolio_category-unifamiliar"],"_links":{"self":[{"href":"https:\/\/franarquitetura.com.br\/index.php\/wp-json\/wp\/v2\/portfolio\/515","targetHints":{"allow":["GET"]}}],"collection":[{"href":"https:\/\/franarquitetura.com.br\/index.php\/wp-json\/wp\/v2\/portfolio"}],"about":[{"href":"https:\/\/franarquitetura.com.br\/index.php\/wp-json\/wp\/v2\/types\/portfolio"}],"author":[{"embeddable":true,"href":"https:\/\/franarquitetura.com.br\/index.php\/wp-json\/wp\/v2\/users\/1"}],"replies":[{"embeddable":true,"href":"https:\/\/franarquitetura.com.br\/index.php\/wp-json\/wp\/v2\/comments?post=515"}],"version-history":[{"count":4,"href":"https:\/\/franarquitetura.com.br\/index.php\/wp-json\/wp\/v2\/portfolio\/515\/revisions"}],"predecessor-version":[{"id":540,"href":"https:\/\/franarquitetura.com.br\/index.php\/wp-json\/wp\/v2\/portfolio\/515\/revisions\/540"}],"wp:featuredmedia":[{"embeddable":true,"href":"https:\/\/franarquitetura.com.br\/index.php\/wp-json\/wp\/v2\/media\/523"}],"wp:attachment":[{"href":"https:\/\/franarquitetura.com.br\/index.php\/wp-json\/wp\/v2\/media?parent=515"}],"wp:term":[{"taxonomy":"portfolio_category","embeddable":true,"href":"https:\/\/franarquitetura.com.br\/index.php\/wp-json\/wp\/v2\/portfolio_category?post=515"}],"curies":[{"name":"wp","href":"https:\/\/api.w.org\/{rel}","templated":true}]}}